{"id":987517482,"date":"2025-04-16T15:58:41","date_gmt":"2025-04-16T15:58:41","guid":{"rendered":"https:\/\/impacte.com\/servicios-cloud-2\/"},"modified":"2025-04-24T11:12:50","modified_gmt":"2025-04-24T11:12:50","slug":"servicios-cloud","status":"publish","type":"page","link":"https:\/\/impacte.com\/es\/servicios-cloud\/","title":{"rendered":"Servicios Cloud"},"content":{"rendered":"<p>[et_pb_section fb_built=\u00bb1&#8243; disabled_on=\u00bbon|on|off\u00bb admin_label=\u00bbHeader\u00bb _builder_version=\u00bb4.27.4&#8243; background_color=\u00bb#005b96&#8243; background_image=\u00bbhttps:\/\/impacte.com\/wp-content\/uploads\/2025\/03\/vet-01-1.png\u00bb background_size=\u00bbinitial\u00bb background_position=\u00bbbottom_right\u00bb background_horizontal_offset=\u00bb100%\u00bb background_repeat=\u00bbrepeat\u00bb background_last_edited=\u00bbon|desktop\u00bb use_background_color_gradient_tablet=\u00bbon\u00bb use_background_color_gradient_phone=\u00bbon\u00bb background_color_gradient_direction_tablet=\u00bb180deg\u00bb background_color_gradient_stops_tablet=\u00bb#ff8e8e 0%|rgba(255,112,0,0) 100%\u00bb background_color_gradient_stops_phone=\u00bb#ff8e8e 36%|rgba(255,112,0,0) 100%\u00bb background_color_gradient_start_position_phone=\u00bb36%\u00bb background_color_gradient_end_tablet=\u00bbrgba(255,112,0,0)\u00bb background_color_gradient_end_phone=\u00bbrgba(255,112,0,0)\u00bb background_color_gradient_end_position_tablet=\u00bb100%\u00bb background_color_gradient_end_position_phone=\u00bb100%\u00bb background_image_tablet=\u00bbhttps:\/\/impacte.com\/img\/fons1.png\u00bb background_size_tablet=\u00bbcover\u00bb background_position_tablet=\u00bbbottom_center\u00bb border_style_all_tablet=\u00bb\u00bb border_style_all_phone=\u00bb\u00bb border_style_all_last_edited=\u00bbon|tablet\u00bb locked=\u00bboff\u00bb global_colors_info=\u00bb{}\u00bb][et_pb_row _builder_version=\u00bb4.16&#8243; z_index=\u00bb10&#8243; custom_padding=\u00bb||0px|||\u00bb global_colors_info=\u00bb{}\u00bb][et_pb_column type=\u00bb4_4&#8243; _builder_version=\u00bb4.16&#8243; custom_padding=\u00bb60px||40px|\u00bb custom_padding_tablet=\u00bb0px|||\u00bb custom_padding_phone=\u00bb0px|||\u00bb custom_padding_last_edited=\u00bbon|tablet\u00bb global_colors_info=\u00bb{}\u00bb custom_padding__hover=\u00bb|||\u00bb][et_pb_text _builder_version=\u00bb4.27.4&#8243; text_font=\u00bbNunito|800||on|||||\u00bb text_text_color=\u00bb#8c8c8c\u00bb text_letter_spacing=\u00bb4px\u00bb header_font=\u00bbNunito|800||on|||||\u00bb header_text_color=\u00bb#8c8c8c\u00bb header_font_size=\u00bb14px\u00bb header_letter_spacing=\u00bb2px\u00bb header_line_height=\u00bb1.4em\u00bb header_2_font=\u00bbNunito|800||on|||||\u00bb header_2_text_color=\u00bb#8c8c8c\u00bb header_2_font_size=\u00bb14px\u00bb header_2_letter_spacing=\u00bb2px\u00bb header_2_line_height=\u00bb1.4em\u00bb header_3_font=\u00bbNunito|800||on|||||\u00bb header_3_text_color=\u00bb#a9cb6b\u00bb header_3_font_size=\u00bb14px\u00bb header_3_letter_spacing=\u00bb2px\u00bb header_3_line_height=\u00bb1.4em\u00bb locked=\u00bboff\u00bb global_colors_info=\u00bb{}\u00bb]<\/p>\n<p>la versi\u00f3n 2.0 de tu negocio<\/p>\n<p>[\/et_pb_text][et_pb_text _builder_version=\u00bb4.27.4&#8243; text_font=\u00bb||||||||\u00bb text_font_size=\u00bb18px\u00bb text_line_height=\u00bb1.8em\u00bb header_font=\u00bbNunito|700|||||||\u00bb header_font_size=\u00bb56px\u00bb header_line_height=\u00bb1.2em\u00bb custom_margin=\u00bb||||false|false\u00bb custom_padding=\u00bb||||false|false\u00bb text_font_size_tablet=\u00bb\u00bb text_font_size_phone=\u00bb14px\u00bb text_font_size_last_edited=\u00bbon|phone\u00bb header_font_size_tablet=\u00bb\u00bb header_font_size_phone=\u00bb32px\u00bb header_font_size_last_edited=\u00bbon|phone\u00bb global_colors_info=\u00bb{}\u00bb]<\/p>\n<h1>Servicios Cloud para empresas en Vilafranca del Pened\u00e8s<\/h1>\n<p>Mejora la productividad de tu empresa con soluciones en la nube adaptadas a tus necesidades. Digitaliza el entorno de trabajo con servicios en la nube escalables, accesibles y con soporte t\u00e9cnico cercano. <\/p>\n<p>Trabajamos con pymes y profesionales del Pened\u00e8s y el Garraf para llevar su d\u00eda a d\u00eda a la nube, sin complicaciones.<\/p>\n<div style=\"height: 4px; background-color: #ffc107; margin: 20px 0;\"><\/div>\n<p>[\/et_pb_text][\/et_pb_column][\/et_pb_row][\/et_pb_section][et_pb_section fb_built=\u00bb1&#8243; disabled_on=\u00bboff|off|on\u00bb admin_label=\u00bbHeader\u00bb _builder_version=\u00bb4.27.4&#8243; background_enable_color=\u00bboff\u00bb background_enable_image=\u00bboff\u00bb background_size=\u00bbinitial\u00bb background_position=\u00bbbottom_right\u00bb background_horizontal_offset=\u00bb100%\u00bb background_repeat=\u00bbrepeat\u00bb custom_margin=\u00bb-50px||||false|false\u00bb background_last_edited=\u00bbon|desktop\u00bb use_background_color_gradient_tablet=\u00bboff\u00bb use_background_color_gradient_phone=\u00bboff\u00bb background_image_tablet=\u00bbhttps:\/\/impacte.com\/img\/fons1.png\u00bb background_size_tablet=\u00bbcover\u00bb background_position_tablet=\u00bbbottom_center\u00bb border_style_all_tablet=\u00bb\u00bb border_style_all_phone=\u00bb\u00bb border_style_all_last_edited=\u00bbon|tablet\u00bb locked=\u00bboff\u00bb global_colors_info=\u00bb{}\u00bb][et_pb_row _builder_version=\u00bb4.16&#8243; z_index=\u00bb10&#8243; custom_padding=\u00bb||0px|||\u00bb global_colors_info=\u00bb{}\u00bb][et_pb_column type=\u00bb4_4&#8243; _builder_version=\u00bb4.16&#8243; custom_padding=\u00bb60px||40px|\u00bb custom_padding_tablet=\u00bb0px|||\u00bb custom_padding_phone=\u00bb0px|||\u00bb custom_padding_last_edited=\u00bbon|tablet\u00bb global_colors_info=\u00bb{}\u00bb custom_padding__hover=\u00bb|||\u00bb][et_pb_text _builder_version=\u00bb4.27.4&#8243; text_font=\u00bbNunito|800||on|||||\u00bb text_text_color=\u00bb#8c8c8c\u00bb text_letter_spacing=\u00bb4px\u00bb header_font=\u00bbNunito|800||on|||||\u00bb header_text_color=\u00bb#8c8c8c\u00bb header_font_size=\u00bb14px\u00bb header_letter_spacing=\u00bb2px\u00bb header_line_height=\u00bb1.4em\u00bb header_2_font=\u00bbNunito|800||on|||||\u00bb header_2_text_color=\u00bb#8c8c8c\u00bb header_2_font_size=\u00bb14px\u00bb header_2_letter_spacing=\u00bb2px\u00bb header_2_line_height=\u00bb1.4em\u00bb header_3_font=\u00bbNunito|800||on|||||\u00bb header_3_text_color=\u00bb#a9cb6b\u00bb header_3_font_size=\u00bb14px\u00bb header_3_letter_spacing=\u00bb2px\u00bb header_3_line_height=\u00bb1.4em\u00bb locked=\u00bboff\u00bb global_colors_info=\u00bb{}\u00bb]<\/p>\n<p>la versi\u00f3n 2.0 de tu negocio<\/p>\n<p>[\/et_pb_text][et_pb_text _builder_version=\u00bb4.27.4&#8243; text_font=\u00bb||||||||\u00bb text_font_size=\u00bb18px\u00bb text_line_height=\u00bb1.8em\u00bb header_font=\u00bbNunito|700|||||||\u00bb header_font_size=\u00bb56px\u00bb header_line_height=\u00bb1.2em\u00bb custom_margin=\u00bb||||false|false\u00bb custom_padding=\u00bb||||false|false\u00bb text_font_size_tablet=\u00bb\u00bb text_font_size_phone=\u00bb14px\u00bb text_font_size_last_edited=\u00bbon|phone\u00bb header_font_size_tablet=\u00bb\u00bb header_font_size_phone=\u00bb32px\u00bb header_font_size_last_edited=\u00bbon|phone\u00bb global_colors_info=\u00bb{}\u00bb]<\/p>\n<h1>Servicios Cloud para empresas en Vilafranca del Pened\u00e8s<\/h1>\n<p>Mejora la productividad de tu empresa con soluciones en la nube adaptadas a tus necesidades. Digitaliza el entorno de trabajo con servicios en la nube escalables, accesibles y con soporte t\u00e9cnico cercano. <\/p>\n<p>Trabajamos con pymes y profesionales del Pened\u00e8s y el Garraf para llevar su d\u00eda a d\u00eda a la nube, sin complicaciones.<\/p>\n<div style=\"height: 4px; background-color: #ffc107; margin: 20px 0;\"><\/div>\n<p>[\/et_pb_text][\/et_pb_column][\/et_pb_row][\/et_pb_section][et_pb_section fb_built=\u00bb1&#8243; admin_label=\u00bbSERVICE SECTION = 13&#8243; _builder_version=\u00bb4.27.4&#8243; _module_preset=\u00bbdefault\u00bb custom_margin=\u00bb|50px||50px|false|false\u00bb locked=\u00bboff\u00bb global_colors_info=\u00bb{}\u00bb][et_pb_row column_structure=\u00bb1_2,1_2&#8243; use_custom_gutter=\u00bbon\u00bb make_equal=\u00bbon\u00bb custom_padding_last_edited=\u00bbon|phone\u00bb _builder_version=\u00bb4.27.4&#8243; _module_preset=\u00bbdefault\u00bb width=\u00bb90%\u00bb max_width=\u00bb1200px\u00bb custom_margin=\u00bb||20px||false|false\u00bb custom_padding=\u00bb20px||0px||false|false\u00bb custom_padding_tablet=\u00bb\u00bb custom_padding_phone=\u00bb15px||||false|false\u00bb global_colors_info=\u00bb{}\u00bb][et_pb_column type=\u00bb1_2&#8243; module_class=\u00bblt-service-sec-13&#8243; _builder_version=\u00bb4.19.2&#8243; _module_preset=\u00bbdefault\u00bb global_colors_info=\u00bb{}\u00bb][et_pb_blurb title=\u00bbServidores Cloud\u00bb url=\u00bb@ET-DC@eyJkeW5hbWljIjp0cnVlLCJjb250ZW50IjoicG9zdF9saW5rX3VybF9wYWdlIiwic2V0dGluZ3MiOnsicG9zdF9pZCI6Ijk4NzUxNzMxMCIsImVuYWJsZV9odG1sIjoib2ZmIn19@\u00bb use_icon=\u00bbon\u00bb font_icon=\u00bb&#xe07d;||fa||400&#8243; icon_color=\u00bb#0C71C3&#8243; content_max_width=\u00bb100%\u00bb icon_placement_tablet=\u00bb\u00bb icon_placement_phone=\u00bbtop\u00bb icon_placement_last_edited=\u00bbon|phone\u00bb module_class=\u00bbsrv-info\u00bb _builder_version=\u00bb4.27.4&#8243; _dynamic_attributes=\u00bburl\u00bb _module_preset=\u00bbdefault\u00bb header_font=\u00bbExo|700|||||||\u00bb header_font_size=\u00bb24px\u00bb header_line_height=\u00bb36px\u00bb body_font=\u00bbFira Sans||||||||\u00bb body_font_size=\u00bb16px\u00bb body_line_height=\u00bb30px\u00bb image_icon_custom_margin=\u00bb8px||||false|false\u00bb animation=\u00bboff\u00bb custom_css_blurb_content=\u00bbfont-weight: 400;\u00bb global_colors_info=\u00bb{}\u00bb]<\/p>\n<p>El servidor de tu empresa en la nube para una mejor accesibilidad, sin inversi\u00f3n ni mantenimiento de hardware y con la m\u00e1xima seguridad.<\/p>\n<p><a href=\"https:\/\/impacte.com\/es\/servicios-cloud\/servidores-en-la-nube\/\">M\u00e1s informaci\u00f3n<\/a><\/p>\n<p>[\/et_pb_blurb][\/et_pb_column][et_pb_column type=\u00bb1_2&#8243; module_class=\u00bblt-service-sec-13&#8243; _builder_version=\u00bb4.19.2&#8243; _module_preset=\u00bbdefault\u00bb global_colors_info=\u00bb{}\u00bb][et_pb_blurb title=\u00bbCentralita voz IP\u00bb url=\u00bb@ET-DC@eyJkeW5hbWljIjp0cnVlLCJjb250ZW50IjoicG9zdF9saW5rX3VybF9wYWdlIiwic2V0dGluZ3MiOnsicG9zdF9pZCI6Ijk4NzUxNTUxMSIsImVuYWJsZV9odG1sIjoib2ZmIn19@\u00bb use_icon=\u00bbon\u00bb font_icon=\u00bb&#xf1e4;||fa||900&#8243; icon_color=\u00bb#0C71C3&#8243; content_max_width=\u00bb100%\u00bb icon_placement_tablet=\u00bb\u00bb icon_placement_phone=\u00bbtop\u00bb icon_placement_last_edited=\u00bbon|phone\u00bb module_class=\u00bbsrv-info\u00bb _builder_version=\u00bb4.27.4&#8243; _dynamic_attributes=\u00bburl\u00bb _module_preset=\u00bbdefault\u00bb header_font=\u00bbExo|700|||||||\u00bb header_font_size=\u00bb24px\u00bb header_line_height=\u00bb36px\u00bb body_font=\u00bbFira Sans||||||||\u00bb body_font_size=\u00bb16px\u00bb body_line_height=\u00bb30px\u00bb image_icon_custom_margin=\u00bb8px||||false|false\u00bb animation=\u00bboff\u00bb custom_css_blurb_content=\u00bbfont-weight: 400;\u00bb locked=\u00bboff\u00bb global_colors_info=\u00bb{}\u00bb]<\/p>\n<p>Centralita avanzada con funcionalidades avanzadas, integrando la fibra, el fijo y el m\u00f3vil en una soluci\u00f3n integral para las comunicaciones sin inversi\u00f3n inicial.<\/p>\n<p><a href=\"https:\/\/impacte.com\/es\/servicios-cloud\/centralita-voz-ip\/\">M\u00e1s informaci\u00f3n<\/a><\/p>\n<p>[\/et_pb_blurb][\/et_pb_column][\/et_pb_row][et_pb_row column_structure=\u00bb1_2,1_2&#8243; use_custom_gutter=\u00bbon\u00bb make_equal=\u00bbon\u00bb custom_padding_last_edited=\u00bbon|phone\u00bb _builder_version=\u00bb4.27.4&#8243; _module_preset=\u00bbdefault\u00bb width=\u00bb90%\u00bb max_width=\u00bb1200px\u00bb custom_margin=\u00bb||20px||false|false\u00bb custom_padding=\u00bb20px||0px||false|false\u00bb custom_padding_tablet=\u00bb\u00bb custom_padding_phone=\u00bb15px||||false|false\u00bb global_colors_info=\u00bb{}\u00bb][et_pb_column type=\u00bb1_2&#8243; module_class=\u00bblt-service-sec-13&#8243; _builder_version=\u00bb4.19.2&#8243; _module_preset=\u00bbdefault\u00bb global_colors_info=\u00bb{}\u00bb][et_pb_blurb title=\u00bbBackup Online\u00bb url=\u00bb@ET-DC@eyJkeW5hbWljIjp0cnVlLCJjb250ZW50IjoicG9zdF9saW5rX3VybF9wYWdlIiwic2V0dGluZ3MiOnsicG9zdF9pZCI6Ijk4NzUxNTQ4MSIsImVuYWJsZV9odG1sIjoib2ZmIn19@\u00bb use_icon=\u00bbon\u00bb font_icon=\u00bb&#xe070;||divi||400&#8243; icon_color=\u00bb#0C71C3&#8243; content_max_width=\u00bb100%\u00bb icon_placement_tablet=\u00bb\u00bb icon_placement_phone=\u00bbtop\u00bb icon_placement_last_edited=\u00bbon|phone\u00bb module_class=\u00bbsrv-info\u00bb _builder_version=\u00bb4.27.4&#8243; _dynamic_attributes=\u00bburl\u00bb _module_preset=\u00bbdefault\u00bb header_font=\u00bbExo|700|||||||\u00bb header_font_size=\u00bb24px\u00bb header_line_height=\u00bb36px\u00bb body_font=\u00bbFira Sans||||||||\u00bb body_font_size=\u00bb16px\u00bb body_line_height=\u00bb30px\u00bb image_icon_custom_margin=\u00bb8px||||false|false\u00bb animation=\u00bboff\u00bb custom_css_blurb_content=\u00bbfont-weight: 400;\u00bb locked=\u00bboff\u00bb global_colors_info=\u00bb{}\u00bb]<\/p>\n<p>Seguridad para las copias de seguridad. Protege tus datos m\u00e1s importantes y evita encriptaciones, ransomware y robos por un coste asequible.  <\/p>\n<p><a href=\"https:\/\/impacte.com\/es\/servicios-cloud\/backup-online\/\">M\u00e1s informaci\u00f3n<\/a><\/p>\n<p>[\/et_pb_blurb][\/et_pb_column][et_pb_column type=\u00bb1_2&#8243; module_class=\u00bblt-service-sec-13&#8243; _builder_version=\u00bb4.19.2&#8243; _module_preset=\u00bbdefault\u00bb global_colors_info=\u00bb{}\u00bb][et_pb_blurb title=\u00bbMicrosoft 365&#8243; url=\u00bb@ET-DC@eyJkeW5hbWljIjp0cnVlLCJjb250ZW50IjoicG9zdF9saW5rX3VybF9wYWdlIiwic2V0dGluZ3MiOnsicG9zdF9pZCI6Ijk4NzUxNzY5OSIsImVuYWJsZV9odG1sIjoib2ZmIn19@\u00bb use_icon=\u00bbon\u00bb font_icon=\u00bb&#xf17a;||fa||400&#8243; icon_color=\u00bb#0C71C3&#8243; content_max_width=\u00bb100%\u00bb icon_placement_tablet=\u00bb\u00bb icon_placement_phone=\u00bbtop\u00bb icon_placement_last_edited=\u00bbon|phone\u00bb module_class=\u00bbsrv-info\u00bb _builder_version=\u00bb4.27.4&#8243; _dynamic_attributes=\u00bburl\u00bb _module_preset=\u00bbdefault\u00bb header_font=\u00bbExo|700|||||||\u00bb header_font_size=\u00bb24px\u00bb header_line_height=\u00bb36px\u00bb body_font=\u00bbFira Sans||||||||\u00bb body_font_size=\u00bb16px\u00bb body_line_height=\u00bb30px\u00bb image_icon_custom_margin=\u00bb8px||||false|false\u00bb animation=\u00bboff\u00bb custom_css_blurb_content=\u00bbfont-weight: 400;\u00bb locked=\u00bboff\u00bb global_colors_info=\u00bb{}\u00bb]<\/p>\n<p>Somos expertos en soluciones con Microsoft 365. Asesoramiento para la mejor licencia, migraci\u00f3n, configuraci\u00f3n y soporte t\u00e9cnico. <\/p>\n<p><a href=\"https:\/\/impacte.com\/es\/servicios-cloud\/microsoft-365-para-empresas-configuracion-y-soporte\/\">M\u00e1s informaci\u00f3n<\/a><\/p>\n<p>[\/et_pb_blurb][\/et_pb_column][\/et_pb_row][et_pb_row custom_padding_last_edited=\u00bbon|tablet\u00bb _builder_version=\u00bb4.19.2&#8243; _module_preset=\u00bbdefault\u00bb custom_padding=\u00bb0px||||false|false\u00bb custom_padding_tablet=\u00bb0px||||false|false\u00bb custom_padding_phone=\u00bb15px||||false|false\u00bb global_colors_info=\u00bb{}\u00bb][et_pb_column type=\u00bb4_4&#8243; _builder_version=\u00bb4.19.2&#8243; _module_preset=\u00bbdefault\u00bb global_colors_info=\u00bb{}\u00bb][et_pb_button button_url=\u00bb@ET-DC@eyJkeW5hbWljIjp0cnVlLCJjb250ZW50IjoicG9zdF9saW5rX3VybF9wYWdlIiwic2V0dGluZ3MiOnsicG9zdF9pZCI6Ijk4NzUxNTAxNCIsImVuYWJsZV9odG1sIjoib2ZmIn19@\u00bb button_text=\u00bbTodos los servicios\u00bb button_alignment=\u00bbcenter\u00bb module_class=\u00bbbtn-explore\u00bb _builder_version=\u00bb4.27.4&#8243; _dynamic_attributes=\u00bbbutton_url\u00bb _module_preset=\u00bbdefault\u00bb custom_button=\u00bbon\u00bb button_text_size=\u00bb16px\u00bb button_border_width=\u00bb0px\u00bb button_border_radius=\u00bb10px\u00bb button_font=\u00bbManrope|700|||||||\u00bb button_on_hover=\u00bboff\u00bb custom_padding=\u00bb15px|50px|15px|50px|true|true\u00bb custom_padding_tablet=\u00bb15px|15px|15px|34px|true|false\u00bb custom_padding_phone=\u00bb15px|15px|15px|34px|true|false\u00bb custom_padding_last_edited=\u00bbon|tablet\u00bb button_text_size_tablet=\u00bb15px\u00bb button_text_size_phone=\u00bb15px\u00bb button_text_size_last_edited=\u00bbon|tablet\u00bb custom_css_before=\u00bbleft: 0;||top: 0;||content: %22%22;||background-color: rgba(0,0,0,.3);||border-radius: 10px;||height: 100%;||width: 24px;||position: absolute;||-webkit-transition: 0.3s cubic-bezier(0.785, 0.135, 0.15, 0.86);||transition: 0.3s cubic-bezier(0.785, 0.135, 0.15, 0.86) !important;||display: block !important;||margin-left: 0 !important;opacity: 1;||z-index: -1;||-webkit-box-sizing: border-box;||box-sizing: border-box;\u00bb custom_css_main_element=\u00bbposition: relative;||\toverflow: hidden;||line-height: 28px;||overflow: hidden;||color: #ffffff !important;||z-index: 1;||background: var(&#8211;color1);||-webkit-transition: all 500ms ease;||transition: all 500ms ease !important;||margin-left: 10px;\u00bb custom_css_after=\u00bbopacity: 0 !important;\u00bb global_colors_info=\u00bb{}\u00bb custom_css_main_element__hover_enabled=\u00bbon|hover\u00bb custom_css_main_element__hover=\u00bbbackground-color: #000 !important;\u00bb button_bg_color__hover_enabled=\u00bboff|desktop\u00bb custom_css_before__hover=\u00bbbackground-color: var(&#8211;color1);opacity: 1; width: 100%;\u00bb custom_css_before__hover_enabled=\u00bbon|hover\u00bb][\/et_pb_button][\/et_pb_column][\/et_pb_row][et_pb_row admin_label=\u00bbSERVICE SECTION 13 = CSS CODE(DON&#039;T REMOVE IT )\u00bb _builder_version=\u00bb4.19.5&#8243; _module_preset=\u00bbdefault\u00bb custom_margin=\u00bb0px|0px|0px|0px|true|true\u00bb custom_padding=\u00bb0px|0px|0px|0px|true|true\u00bb locked=\u00bbon\u00bb global_colors_info=\u00bb{}\u00bb][et_pb_column type=\u00bb4_4&#8243; _builder_version=\u00bb4.19.5&#8243; _module_preset=\u00bbdefault\u00bb global_colors_info=\u00bb{}\u00bb][et_pb_code _builder_version=\u00bb4.19.5&#8243; _module_preset=\u00bbdefault\u00bb custom_margin=\u00bb0px|0px|0px|0px|true|true\u00bb custom_padding=\u00bb0px|0px|0px|0px|true|true\u00bb global_colors_info=\u00bb{}\u00bb]<\/p>\n<style><!-- [et_pb_line_break_holder] -->  :root {<!-- [et_pb_line_break_holder] --> --color1: #005b96;<!-- [et_pb_line_break_holder] -->}<!-- [et_pb_line_break_holder] -->.lt-service-sec-13 .srv-info .et_pb_blurb_content {<!-- [et_pb_line_break_holder] -->\talign-items: center;<!-- [et_pb_line_break_holder] -->\tdisplay: flex;<!-- [et_pb_line_break_holder] -->\tmargin: 0 0 30px;<!-- [et_pb_line_break_holder] -->}<!-- [et_pb_line_break_holder] -->.lt-service-sec-13 .srv-info .et_pb_blurb_content .et_pb_main_blurb_image {<!-- [et_pb_line_break_holder] -->\tbackground-color: rgb(239, 241, 245);<!-- [et_pb_line_break_holder] -->\tborder-radius: 5px;<!-- [et_pb_line_break_holder] -->\theight: 118px;<!-- [et_pb_line_break_holder] -->\toverflow: hidden;<!-- [et_pb_line_break_holder] -->\tposition: relative;<!-- [et_pb_line_break_holder] -->\twidth: 160px;<!-- [et_pb_line_break_holder] -->\tz-index: 2;<!-- [et_pb_line_break_holder] -->\tmargin-bottom: 0;<!-- [et_pb_line_break_holder] -->\tbox-shadow: 0 0 15px rgba(0, 0, 0, 0.3);<!-- [et_pb_line_break_holder] -->}<!-- [et_pb_line_break_holder] -->.lt-service-sec-13 .srv-info .et_pb_blurb_content .et_pb_main_blurb_image .et_pb_image_wrap img {<!-- [et_pb_line_break_holder] -->\tborder-radius: 5px;<!-- [et_pb_line_break_holder] -->\theight: calc(100% + 1px);<!-- [et_pb_line_break_holder] -->\tmax-width: 100%;<!-- [et_pb_line_break_holder] -->\twidth: auto;<!-- [et_pb_line_break_holder] -->\tz-index: 2;<!-- [et_pb_line_break_holder] -->\tdisplay: block;<!-- [et_pb_line_break_holder] -->\tposition: relative;<!-- [et_pb_line_break_holder] -->\ttransition: all 0.3s ease-in-out;<!-- [et_pb_line_break_holder] -->}<!-- [et_pb_line_break_holder] -->.lt-service-sec-13:hover .srv-info .et_pb_blurb_content .et_pb_main_blurb_image .et_pb_image_wrap img {<!-- [et_pb_line_break_holder] -->\ttransform: scale(1.3);<!-- [et_pb_line_break_holder] -->}<!-- [et_pb_line_break_holder] -->.lt-service-sec-13 .srv-info .et_pb_blurb_content .et_pb_blurb_container {<!-- [et_pb_line_break_holder] -->\tbackground-color: #fff;<!-- [et_pb_line_break_holder] -->\tborder-radius: 5px;<!-- [et_pb_line_break_holder] -->\tflex: 1 1;<!-- [et_pb_line_break_holder] -->\tmargin: 0 0 0 -105px;<!-- [et_pb_line_break_holder] -->\toverflow: hidden;<!-- [et_pb_line_break_holder] -->\tpadding: 31px 40px 30px 130px;<!-- [et_pb_line_break_holder] -->\tposition: relative;<!-- [et_pb_line_break_holder] -->\ttransition: all .4s ease;<!-- [et_pb_line_break_holder] -->\tbox-shadow: 0 0 15px rgba(0, 0, 0, 0.3);<!-- [et_pb_line_break_holder] -->\tz-index: 1;<!-- [et_pb_line_break_holder] -->}<!-- [et_pb_line_break_holder] -->.lt-service-sec-13:hover .srv-info .et_pb_blurb_content .et_pb_blurb_container {<!-- [et_pb_line_break_holder] -->\tbackground-color: var(--color1);<!-- [et_pb_line_break_holder] -->\tborder-radius: 30% 0 0 0;<!-- [et_pb_line_break_holder] -->}<!-- [et_pb_line_break_holder] -->.lt-service-sec-13 .srv-info .et_pb_blurb_content .et_pb_blurb_container .et_pb_module_header {<!-- [et_pb_line_break_holder] -->\tcolor: rgb(26, 26, 26);<!-- [et_pb_line_break_holder] -->\tdisplay: -webkit-box;<!-- [et_pb_line_break_holder] -->\t-webkit-line-clamp: 2;<!-- [et_pb_line_break_holder] -->\t-webkit-box-orient: vertical;<!-- [et_pb_line_break_holder] -->\toverflow: hidden;<!-- [et_pb_line_break_holder] -->}<!-- [et_pb_line_break_holder] -->.lt-service-sec-13:hover .srv-info .et_pb_blurb_content .et_pb_blurb_container .et_pb_module_header, .lt-service-sec-13:hover .srv-info .et_pb_blurb_content .et_pb_blurb_container .et_pb_blurb_description, .lt-service-sec-13:hover .srv-info .et_pb_blurb_content .et_pb_blurb_container .et_pb_blurb_description p a {<!-- [et_pb_line_break_holder] -->\tcolor: #fff;<!-- [et_pb_line_break_holder] -->}<!-- [et_pb_line_break_holder] -->.lt-service-sec-13 .srv-info .et_pb_blurb_content .et_pb_blurb_container .et_pb_blurb_description {<!-- [et_pb_line_break_holder] --> color: color: rgb(135, 141, 151);<!-- [et_pb_line_break_holder] -->}<!-- [et_pb_line_break_holder] -->.lt-service-sec-13 .srv-info .et_pb_blurb_content .et_pb_blurb_container .et_pb_blurb_description p a {<!-- [et_pb_line_break_holder] -->\ttext-transform: uppercase;<!-- [et_pb_line_break_holder] -->\tcolor: rgb(255, 255, 255);<!-- [et_pb_line_break_holder] -->\tdisplay: inline-block;<!-- [et_pb_line_break_holder] -->\tfont-family: \"Fira Sans\", sans-serif;<!-- [et_pb_line_break_holder] -->\tfont-size: 16px;<!-- [et_pb_line_break_holder] -->\tfont-weight: 500;<!-- [et_pb_line_break_holder] -->\tline-height: 12.8px;<!-- [et_pb_line_break_holder] -->\tcolor: var(--color1);<!-- [et_pb_line_break_holder] -->\tletter-spacing: 0.5px;<!-- [et_pb_line_break_holder] -->\tmargin-top: 15px;<!-- [et_pb_line_break_holder] -->}<!-- [et_pb_line_break_holder] -->.lt-service-sec-13 .srv-info .et_pb_blurb_content .et_pb_blurb_container .et_pb_blurb_description p a:after {<!-- [et_pb_line_break_holder] -->\tcontent: \"39\";<!-- [et_pb_line_break_holder] -->\tfont-family: ETmodules !important;<!-- [et_pb_line_break_holder] -->\tfont-size: 20px;<!-- [et_pb_line_break_holder] -->\tfont-weight: 900;<!-- [et_pb_line_break_holder] -->\tposition: absolute;<!-- [et_pb_line_break_holder] -->}<!-- [et_pb_line_break_holder] --> @media only screen and (max-width : 479px) {<!-- [et_pb_line_break_holder] -->.lt-service-sec-13 .srv-info {<!-- [et_pb_line_break_holder] -->}<!-- [et_pb_line_break_holder] -->.lt-service-sec-13 .srv-info .et_pb_blurb_content .et_pb_main_blurb_image,  .lt-service-sec-13 .srv-info .et_pb_blurb_content {<!-- [et_pb_line_break_holder] -->\tdisplay: block;<!-- [et_pb_line_break_holder] -->\tmargin: 0 auto;<!-- [et_pb_line_break_holder] -->}<!-- [et_pb_line_break_holder] -->.lt-service-sec-13 .srv-info .et_pb_blurb_content .et_pb_blurb_container {<!-- [et_pb_line_break_holder] -->\tpadding: 20px !important;<!-- [et_pb_line_break_holder] -->\tmargin: 0 !important;<!-- [et_pb_line_break_holder] -->\ttext-align: center;<!-- [et_pb_line_break_holder] -->}<!-- [et_pb_line_break_holder] -->.lt-service-sec-13:hover .srv-info .et_pb_blurb_content .et_pb_blurb_container {<!-- [et_pb_line_break_holder] -->\tborder-radius: 5px !important;<!-- [et_pb_line_break_holder] -->}<!-- [et_pb_line_break_holder] -->}<!-- [et_pb_line_break_holder] --><!-- [et_pb_line_break_holder] --><\/style>\n<p>[\/et_pb_code][\/et_pb_column][\/et_pb_row][\/et_pb_section][et_pb_section fb_built=\u00bb1&#8243; disabled_on=\u00bbon|on|off\u00bb module_id=\u00bbcontrato\u00bb _builder_version=\u00bb4.27.4&#8243; _module_preset=\u00bbdefault\u00bb background_enable_color=\u00bboff\u00bb background_image=\u00bbhttps:\/\/impacte.com\/wp-content\/uploads\/Fondo4-scaled.webp\u00bb background_size=\u00bbcontain\u00bb background_position=\u00bbcenter_right\u00bb background_horizontal_offset=\u00bb7%\u00bb locked=\u00bboff\u00bb global_colors_info=\u00bb{}\u00bb][et_pb_row column_structure=\u00bb1_2,1_2&#8243; _builder_version=\u00bb4.27.4&#8243; _module_preset=\u00bbdefault\u00bb global_colors_info=\u00bb{}\u00bb][et_pb_column type=\u00bb1_2&#8243; _builder_version=\u00bb4.27.4&#8243; _module_preset=\u00bbdefault\u00bb global_colors_info=\u00bb{}\u00bb][et_pb_image src=\u00bbhttps:\/\/impacte.com\/wp-content\/uploads\/serveis-cloud-a-vilafranca.webp\u00bb alt=\u00bbEmpresa de cloud computing en Vilafranca del Pened\u00e8s\u00bb title_text=\u00bbservicios cloud a vilafranca\u00bb _builder_version=\u00bb4.27.4&#8243; _module_preset=\u00bbdefault\u00bb custom_margin=\u00bb||||false|false\u00bb global_colors_info=\u00bb{}\u00bb][\/et_pb_image][\/et_pb_column][et_pb_column type=\u00bb1_2&#8243; _builder_version=\u00bb4.27.4&#8243; _module_preset=\u00bbdefault\u00bb global_colors_info=\u00bb{}\u00bb][et_pb_text _builder_version=\u00bb4.27.4&#8243; _module_preset=\u00bbdefault\u00bb text_text_color=\u00bb#FFFFFF\u00bb text_font_size=\u00bb20px\u00bb header_font=\u00bb|600|||||||\u00bb header_font_size=\u00bb42px\u00bb header_2_font=\u00bb|600|||||||\u00bb header_2_font_size=\u00bb34px\u00bb custom_margin=\u00bb|-100px|||false|false\u00bb custom_padding=\u00bb||||false|false\u00bb global_colors_info=\u00bb{}\u00bb]<\/p>\n<div style=\"height: 50px;\"><\/div>\n<h2 style=\"margin-top: 20px; color: #fff;\">\u00bfQu\u00e9 ganas con los servicios en la nube?<\/h2>\n<div style=\"height: 4px; background-color: #ffc107; margin: 20px 0;\"><\/div>\n<div style=\"height: 20px;\"><\/div>\n<p data-start=\"278\" data-end=\"588\" class=\"\">Acceso remoto seguro al puesto de trabajo.<\/p>\n<p data-start=\"930\" data-end=\"1137\" class=\"\">Comunicaciones centralizadas, flexibles y totalmente personalizables.<\/p>\n<p data-start=\"930\" data-end=\"1137\" class=\"\">Almacenamiento protegido de tus datos y documentos.<\/p>\n<p data-start=\"930\" data-end=\"1137\" class=\"\">Escalabilidad para crecer con los recursos adecuados en cada momento. <\/p>\n<div style=\"height: 100px;\"><\/div>\n<p>[\/et_pb_text][\/et_pb_column][\/et_pb_row][\/et_pb_section][et_pb_section fb_built=\u00bb1&#8243; disabled_on=\u00bboff|off|on\u00bb module_id=\u00bbcontrato\u00bb _builder_version=\u00bb4.27.4&#8243; _module_preset=\u00bbdefault\u00bb background_enable_color=\u00bboff\u00bb background_enable_image=\u00bboff\u00bb background_size=\u00bbcontain\u00bb background_position=\u00bbcenter_right\u00bb background_horizontal_offset=\u00bb7%\u00bb custom_margin=\u00bb-50px||||false|false\u00bb locked=\u00bboff\u00bb global_colors_info=\u00bb{}\u00bb][et_pb_row column_structure=\u00bb1_2,1_2&#8243; _builder_version=\u00bb4.27.4&#8243; _module_preset=\u00bbdefault\u00bb width=\u00bb100%\u00bb max_width=\u00bb100%\u00bb global_colors_info=\u00bb{}\u00bb][et_pb_column type=\u00bb1_2&#8243; _builder_version=\u00bb4.27.4&#8243; _module_preset=\u00bbdefault\u00bb global_colors_info=\u00bb{}\u00bb][et_pb_image src=\u00bbhttps:\/\/impacte.com\/wp-content\/uploads\/serveis-cloud-a-vilafranca.webp\u00bb alt=\u00bbEmpresa de cloud computing en Vilafranca del Pened\u00e8s\u00bb title_text=\u00bbservicios cloud a vilafranca\u00bb align=\u00bbcenter\u00bb _builder_version=\u00bb4.27.4&#8243; _module_preset=\u00bbdefault\u00bb width=\u00bb50%\u00bb max_width=\u00bb50%\u00bb custom_margin=\u00bb||||false|false\u00bb global_colors_info=\u00bb{}\u00bb][\/et_pb_image][\/et_pb_column][et_pb_column type=\u00bb1_2&#8243; _builder_version=\u00bb4.27.4&#8243; _module_preset=\u00bbdefault\u00bb global_colors_info=\u00bb{}\u00bb][et_pb_text _builder_version=\u00bb4.27.4&#8243; _module_preset=\u00bbdefault\u00bb text_text_color=\u00bb#FFFFFF\u00bb text_font_size=\u00bb20px\u00bb header_font=\u00bb|600|||||||\u00bb header_font_size=\u00bb42px\u00bb header_2_font=\u00bb|600|||||||\u00bb header_2_font_size=\u00bb34px\u00bb background_color=\u00bbgcid-dccce136-585a-480a-8dc5-e93a9bf67403&#8243; custom_margin=\u00bb|20px||20px|false|false\u00bb custom_padding=\u00bb|10px||10px|false|false\u00bb border_radii=\u00bbon|12px|12px|12px|12px\u00bb global_colors_info=\u00bb{%22gcid-dccce136-585a-480a-8dc5-e93a9bf67403%22:%91%22background_color%22%93}\u00bb]<\/p>\n<h2 style=\"margin-top: 20px; color: #fff;\">\u00bfQu\u00e9 ganas con los servicios en la nube?<\/h2>\n<div style=\"height: 4px; background-color: #ffc107; margin: 20px 0;\"><\/div>\n<div style=\"height: 20px;\"><\/div>\n<p data-start=\"278\" data-end=\"588\" class=\"\">Acceso remoto seguro al puesto de trabajo.<\/p>\n<p data-start=\"930\" data-end=\"1137\" class=\"\">Comunicaciones centralizadas, flexibles y totalmente personalizables.<\/p>\n<p data-start=\"930\" data-end=\"1137\" class=\"\">Almacenamiento protegido de tus datos y documentos.<\/p>\n<p data-start=\"930\" data-end=\"1137\" class=\"\">Escalabilidad para crecer con los recursos adecuados en cada momento. <\/p>\n<div style=\"height: 30px;\"><\/div>\n<p>[\/et_pb_text][\/et_pb_column][\/et_pb_row][\/et_pb_section][et_pb_section fb_built=\u00bb1&#8243; _builder_version=\u00bb4.27.4&#8243; _module_preset=\u00bbdefault\u00bb background_color=\u00bb#f4f4f4&#8243; locked=\u00bboff\u00bb global_colors_info=\u00bb{}\u00bb][et_pb_row column_structure=\u00bb1_2,1_2&#8243; _builder_version=\u00bb4.27.4&#8243; _module_preset=\u00bbdefault\u00bb global_colors_info=\u00bb{}\u00bb][et_pb_column type=\u00bb1_2&#8243; _builder_version=\u00bb4.27.4&#8243; _module_preset=\u00bbdefault\u00bb global_colors_info=\u00bb{}\u00bb][et_pb_text _builder_version=\u00bb4.27.4&#8243; _module_preset=\u00bbdefault\u00bb global_colors_info=\u00bb{}\u00bb]<span style=\"background-color:#FFC107; padding:5px 10px; font-weight:600; font-size:13px; border-radius:8px;\">SOMOS DE AQU\u00cd<\/span><\/p>\n<h2 style=\"font-weight:800; font-size:48px; margin-top:20px;\">Subamos Vilafranca a la nube<\/h2>\n<div style=\"height:4px; background-color:#FFC107; margin:20px 0;\"><\/div>\n<p style=\"max-width:500px;\">Nuestros clientes son como nosotros, empresas y profesionales del Pened\u00e8s y del Garraf que luchan cada d\u00eda por sacar sus negocios adelante y llevarlos tan arriba como puedan. Aprovechemos lo mejor de cada uno y hacemos entre todos subir a nuestras empresas. <\/p>\n<p>[\/et_pb_text][et_pb_code module_id=\u00bbobrir-popup\u00bb _builder_version=\u00bb4.27.4&#8243; _module_preset=\u00bbdefault\u00bb global_colors_info=\u00bb{}\u00bb]<\/p>\n<div style=\"display: flex; gap: 10px; flex-wrap: wrap; margin-top: 20px;\"><!-- [et_pb_line_break_holder] -->  <a href=\"#\" style=\"background-color:#005b96; color:#fff; padding:10px 20px; border-radius:6px; text-decoration:none; font-weight:600;\"><!-- [et_pb_line_break_holder] --> PIDA PRESUPUESTO SIN COMPROMISO<!-- [et_pb_line_break_holder] -->  <\/a><!-- [et_pb_line_break_holder] -->  <!-- [et_pb_line_break_holder] --><\/div>\n<p><!-- [et_pb_line_break_holder] --><!-- [et_pb_line_break_holder] -->[\/et_pb_code][\/et_pb_column][et_pb_column type=\u00bb1_2&#8243; _builder_version=\u00bb4.27.4&#8243; _module_preset=\u00bbdefault\u00bb global_colors_info=\u00bb{}\u00bb][et_pb_image src=\u00bbhttps:\/\/impacte.com\/wp-content\/uploads\/serveis-digitals-a-vilafranca.webp\u00bb alt=\u00bbEmpresa de servicios digitales en Vilafranca\u00bb title_text=\u00bbservicios-digitales-en-vilafranca\u00bb disabled_on=\u00bboff|off|off\u00bb _builder_version=\u00bb4.27.4&#8243; _module_preset=\u00bbdefault\u00bb border_radii=\u00bbon|19px|19px|19px|19px\u00bb box_shadow_style=\u00bbpreset1&#8243; global_colors_info=\u00bb{}\u00bb][\/et_pb_image][et_pb_code _builder_version=\u00bb4.27.4&#8243; _module_preset=\u00bbdefault\u00bb global_colors_info=\u00bb{}\u00bb]<!-- FONS --><!-- [et_pb_line_break_holder] --><\/p>\n<div id=\"popup-fons\"><\/div>\n<p><!-- [et_pb_line_break_holder] --><!-- [et_pb_line_break_holder] --><!-- POPUP --><!-- [et_pb_line_break_holder] --><\/p>\n<div id=\"popup-contacte\"><!-- [et_pb_line_break_holder] -->  <a href=\"#\" id=\"tancar-popup\">\u2716<\/a><!-- [et_pb_line_break_holder] -->  <\/p>\n<h3>Pide presupuesto sin compromiso<\/h3>\n<p><!-- [et_pb_line_break_holder] -->  <\/p>\n<div><!-- [et_pb_line_break_holder] -->    \n<div class=\"wpcf7 no-js\" id=\"wpcf7-f987517213-o1\" lang=\"es-ES\" dir=\"ltr\" data-wpcf7-id=\"987517213\">\n<div class=\"screen-reader-response\"><p role=\"status\" aria-live=\"polite\" aria-atomic=\"true\"><\/p> <ul><\/ul><\/div>\n<form action=\"\/es\/wp-json\/wp\/v2\/pages\/987517482#wpcf7-f987517213-o1\" method=\"post\" class=\"wpcf7-form init\" aria-label=\"Formulario de contacto\" novalidate=\"novalidate\" data-status=\"init\">\n<fieldset class=\"hidden-fields-container\"><input type=\"hidden\" name=\"_wpcf7\" value=\"987517213\" \/><input type=\"hidden\" name=\"_wpcf7_version\" value=\"6.1.5\" \/><input type=\"hidden\" name=\"_wpcf7_locale\" value=\"es_ES\" \/><input type=\"hidden\" name=\"_wpcf7_unit_tag\" value=\"wpcf7-f987517213-o1\" \/><input type=\"hidden\" name=\"_wpcf7_container_post\" value=\"0\" \/><input type=\"hidden\" name=\"_wpcf7_posted_data_hash\" value=\"\" \/>\n<\/fieldset>\n<p><label> Nombre<br \/>\n<span class=\"wpcf7-form-control-wrap\" data-name=\"your-name\"><input size=\"40\" maxlength=\"400\" class=\"wpcf7-form-control wpcf7-text wpcf7-validates-as-required\" autocomplete=\"name\" aria-required=\"true\" aria-invalid=\"false\" value=\"\" type=\"text\" name=\"your-name\" \/><\/span> <\/label>\n<\/p>\n<p><label> Correo electr\u00f3nico<br \/>\n<span class=\"wpcf7-form-control-wrap\" data-name=\"your-email\"><input size=\"40\" maxlength=\"400\" class=\"wpcf7-form-control wpcf7-email wpcf7-validates-as-required wpcf7-text wpcf7-validates-as-email\" autocomplete=\"email\" aria-required=\"true\" aria-invalid=\"false\" value=\"\" type=\"email\" name=\"your-email\" \/><\/span> <\/label>\n<\/p>\n<p><label> Mensaje<br \/>\n<span class=\"wpcf7-form-control-wrap\" data-name=\"your-message\"><textarea cols=\"40\" rows=\"4\" maxlength=\"2000\" class=\"wpcf7-form-control wpcf7-textarea wpcf7-validates-as-required\" aria-required=\"true\" aria-invalid=\"false\" name=\"your-message\"><\/textarea><\/span> <\/label>\n<\/p>\n<p><label class=\"cf7-aceptacio\"><br \/>\n<span class=\"wpcf7-form-control-wrap\" data-name=\"acceptance-838\"><span class=\"wpcf7-form-control wpcf7-acceptance optional\"><span class=\"wpcf7-list-item\"><input type=\"checkbox\" name=\"acceptance-838\" value=\"1\" aria-invalid=\"false\" \/><\/span><\/span><\/span> Acepto la <a href=\"https:\/\/impacte.com\/politica-de-privacitat\" target=\"_blank\">politica de privacidad<\/a><br \/>\n<\/label>\n<\/p>\n<p><button class=\"wpcf7-form-control wpcf7-submit has-spinner et_pb_button et_pb_bg_layout_light\" type=\"submit\" value=\"Envia\">Envia<\/button>\n<\/p><div class=\"wpcf7-response-output\" aria-hidden=\"true\"><\/div>\n<\/form>\n<\/div>\n<!-- [et_pb_line_break_holder] -->  <\/div>\n<p><!-- [et_pb_line_break_holder] --><\/div>\n<p><!-- [et_pb_line_break_holder] --><!-- [et_pb_line_break_holder] --><!-- SCRIPT --><!-- [et_pb_line_break_holder] --><script><!-- [et_pb_line_break_holder] -->  document.addEventListener('DOMContentLoaded', function () {<!-- [et_pb_line_break_holder] -->    const obrir = document.getElementById('obrir-popup');<!-- [et_pb_line_break_holder] -->    const tancar = document.getElementById('tancar-popup');<!-- [et_pb_line_break_holder] -->    const popup = document.getElementById('popup-contacte');<!-- [et_pb_line_break_holder] -->    const fons = document.getElementById('popup-fons');<!-- [et_pb_line_break_holder] --><!-- [et_pb_line_break_holder] -->    obrir.addEventListener('click', function (e) {<!-- [et_pb_line_break_holder] -->      e.preventDefault();<!-- [et_pb_line_break_holder] -->      popup.classList.add('mostrar');<!-- [et_pb_line_break_holder] -->      fons.style.display = 'block';<!-- [et_pb_line_break_holder] -->    });<!-- [et_pb_line_break_holder] --><!-- [et_pb_line_break_holder] -->    const tancarPopup = () =&gt; {<!-- [et_pb_line_break_holder] -->      popup.classList.remove('mostrar');<!-- [et_pb_line_break_holder] -->      fons.style.display = 'none';<!-- [et_pb_line_break_holder] -->    };<!-- [et_pb_line_break_holder] --><!-- [et_pb_line_break_holder] -->    tancar.addEventListener('click', function (e) {<!-- [et_pb_line_break_holder] -->      e.preventDefault();<!-- [et_pb_line_break_holder] -->      tancarPopup();<!-- [et_pb_line_break_holder] -->    });<!-- [et_pb_line_break_holder] --><!-- [et_pb_line_break_holder] -->    fons.addEventListener('click', function () {<!-- [et_pb_line_break_holder] -->      tancarPopup();<!-- [et_pb_line_break_holder] -->    });<!-- [et_pb_line_break_holder] -->  });<!-- [et_pb_line_break_holder] --><\/script><!-- [et_pb_line_break_holder] -->[\/et_pb_code][\/et_pb_column][\/et_pb_row][\/et_pb_section][et_pb_section fb_built=\u00bb1&#8243; _builder_version=\u00bb4.27.4&#8243; _module_preset=\u00bbdefault\u00bb locked=\u00bboff\u00bb global_colors_info=\u00bb{}\u00bb][et_pb_row _builder_version=\u00bb4.19.2&#8243; _module_preset=\u00bbdefault\u00bb width=\u00bb90%\u00bb max_width=\u00bb1200px\u00bb custom_padding=\u00bb10px||10px||true|false\u00bb locked=\u00bboff\u00bb global_colors_info=\u00bb{}\u00bb][et_pb_column type=\u00bb4_4&#8243; _builder_version=\u00bb4.19.2&#8243; _module_preset=\u00bbdefault\u00bb global_colors_info=\u00bb{}\u00bb][et_pb_text _builder_version=\u00bb4.27.4&#8243; _module_preset=\u00bbdefault\u00bb text_font=\u00bbManrope|700|||||||\u00bb text_text_color=\u00bb#005b96&#8243; text_font_size=\u00bb18px\u00bb text_line_height=\u00bb35px\u00bb text_orientation=\u00bbcenter\u00bb custom_margin=\u00bb||0px||false|false\u00bb custom_css_before=\u00bbposition: absolute;||height: 3px;||width: 9px;||background-color: #000;||content: %22%22;||top: 17px;||left: 21px;||box-sizing: border-box;\u00bb custom_css_main_element=\u00bbwidth: fit-content;||position: relative;||margin: 0 auto;||display: block;||padding-left: 40px;||\u00bb custom_css_after=\u00bbposition: absolute;||height: 3px;||width: 21px;||background-color: var(&#8211;color1);||content: %22%22;||top: 17px;||left: 0px;\u00bb global_colors_info=\u00bb{}\u00bb]<\/p>\n<p>OTROS SERVICIOS<\/p>\n<p>[\/et_pb_text][et_pb_text _builder_version=\u00bb4.27.4&#8243; _dynamic_attributes=\u00bblink_option_url\u00bb _module_preset=\u00bbdefault\u00bb header_2_font=\u00bbExo|700|||||||\u00bb header_2_text_color=\u00bb#090808&#8243; header_2_font_size=\u00bb45px\u00bb header_2_line_height=\u00bb65px\u00bb text_orientation=\u00bbcenter\u00bb custom_margin=\u00bb||0px||false|false\u00bb link_option_url=\u00bb@ET-DC@eyJkeW5hbWljIjp0cnVlLCJjb250ZW50IjoicG9zdF9saW5rX3VybF9wYWdlIiwic2V0dGluZ3MiOnsicG9zdF9pZCI6Ijk4NzUxNTAxNCIsImVuYWJsZV9odG1sIjoib2ZmIn19@\u00bb header_2_font_size_tablet=\u00bb\u00bb header_2_font_size_phone=\u00bb25px\u00bb header_2_font_size_last_edited=\u00bbon|phone\u00bb header_2_line_height_tablet=\u00bb\u00bb header_2_line_height_phone=\u00bb40px\u00bb header_2_line_height_last_edited=\u00bbon|tablet\u00bb global_colors_info=\u00bb{}\u00bb]<\/p>\n<h2>Otros servicios que pueden complementar tu entorno en la nube<\/h2>\n<p>[\/et_pb_text][et_pb_text _builder_version=\u00bb4.27.4&#8243; _module_preset=\u00bbdefault\u00bb text_font=\u00bbArchivo||||||||\u00bb text_text_color=\u00bb#666666&#8243; text_font_size=\u00bb17px\u00bb text_line_height=\u00bb28px\u00bb text_orientation=\u00bbcenter\u00bb custom_margin=\u00bb||10px||false|false\u00bb hover_enabled=\u00bb0&#8243; text_font_size_tablet=\u00bb\u00bb text_font_size_phone=\u00bb15px\u00bb text_font_size_last_edited=\u00bbon|phone\u00bb global_colors_info=\u00bb{}\u00bb sticky_enabled=\u00bb0&#8243;]<\/p>\n<p data-start=\"299\" data-end=\"605\" class=\"\">Si est\u00e1s trabajando en la nube, es importante tener el resto de servicios inform\u00e1ticos bien resueltos. Por ello, quiz\u00e1s tambi\u00e9n te interese contar con un <a data-start=\"443\" data-end=\"535\" href=\"https:\/\/impacte.com\/es\/gestion-it\/mantenimiento-informatico-para-empresas\/\">servicio de mantenimiento inform\u00e1tico<\/a> que te garantice soporte y tranquilidad ante cualquier imprevisto. <\/p>\n<p data-start=\"607\" data-end=\"927\" class=\"\">Tambi\u00e9n puedes <a href=\"https:\/\/impacte.com\/es\/servicios-web\/\">mejorar la presencia digital de tu negocio<\/a> con nuestro servicio de <a data-start=\"687\" data-end=\"799\" rel=\"noopener\" target=\"_new\" class=\"\" href=\"https:\/\/impacte.com\/es\/servicios-web\/diseno-web-en-vilafranca-del-penedes\/\">dise\u00f1o de p\u00e1ginas web profesionales<\/a> y <a data-start=\"802\" data-end=\"872\" href=\"https:\/\/impacte.com\/es\/servicios-web\/consultoria-seo\/\">posicionamiento web con SEO<\/a>, para que tus clientes te encuentren f\u00e1cilmente en Google.<\/p>\n<p data-start=\"929\" data-end=\"1289\" class=\"\">Y si quieres ir un paso m\u00e1s all\u00e1 en la protecci\u00f3n de tu empresa, te recomendamos nuestros <a href=\"https:\/\/impacte.com\/es\/ciberseguridad\/\">servicios de ciberseguridad para pymes<\/a>, como <a data-start=\"1111\" data-end=\"1202\" href=\"https:\/\/impacte.com\/es\/ciberseguridad\/formacion-para-trabajadores\/\">formaci\u00f3n para trabajadores<\/a> o <a href=\"https:\/\/impacte.com\/es\/ciberseguridad\/servicio-antispam-profesional\/\">soluciones econ\u00f3micas antispam<\/a>.<\/p>\n<p data-start=\"929\" data-end=\"1289\" class=\"\">La nube es s\u00f3lo el principio. En Impacte te apoyamos en todo lo que necesitas para que tu empresa funcione mejor, desde cualquier lugar y con total seguridad. <\/p>\n<p>[\/et_pb_text][\/et_pb_column][\/et_pb_row][\/et_pb_section]<\/p>\n","protected":false},"excerpt":{"rendered":"<p>la versi\u00f3n 2.0 de tu negocioServicios Cloud para empresas en Vilafranca del Pened\u00e8s Mejora la productividad de tu empresa con soluciones en la nube adaptadas a tus necesidades. Digitaliza el entorno de trabajo con servicios en la nube escalables, accesibles y con soporte t\u00e9cnico cercano. Trabajamos con pymes y profesionales del Pened\u00e8s y el Garraf [&hellip;]<\/p>\n","protected":false},"author":1,"featured_media":0,"parent":0,"menu_order":0,"comment_status":"closed","ping_status":"closed","template":"","meta":{"_et_pb_use_builder":"on","_et_pb_old_content":"","_et_gb_content_width":"","footnotes":""},"class_list":["post-987517482","page","type-page","status-publish","hentry"],"_links":{"self":[{"href":"https:\/\/impacte.com\/es\/wp-json\/wp\/v2\/pages\/987517482","targetHints":{"allow":["GET"]}}],"collection":[{"href":"https:\/\/impacte.com\/es\/wp-json\/wp\/v2\/pages"}],"about":[{"href":"https:\/\/impacte.com\/es\/wp-json\/wp\/v2\/types\/page"}],"author":[{"embeddable":true,"href":"https:\/\/impacte.com\/es\/wp-json\/wp\/v2\/users\/1"}],"replies":[{"embeddable":true,"href":"https:\/\/impacte.com\/es\/wp-json\/wp\/v2\/comments?post=987517482"}],"version-history":[{"count":20,"href":"https:\/\/impacte.com\/es\/wp-json\/wp\/v2\/pages\/987517482\/revisions"}],"predecessor-version":[{"id":987517875,"href":"https:\/\/impacte.com\/es\/wp-json\/wp\/v2\/pages\/987517482\/revisions\/987517875"}],"wp:attachment":[{"href":"https:\/\/impacte.com\/es\/wp-json\/wp\/v2\/media?parent=987517482"}],"curies":[{"name":"wp","href":"https:\/\/api.w.org\/{rel}","templated":true}]}}